{"id":49,"date":"2020-08-12T06:43:26","date_gmt":"2020-08-12T06:43:26","guid":{"rendered":"https:\/\/safetycar.nrw\/?page_id=49"},"modified":"2024-07-30T09:15:41","modified_gmt":"2024-07-30T09:15:41","slug":"impressum","status":"publish","type":"page","link":"https:\/\/safetycar.nrw\/?page_id=49","title":{"rendered":"Impressum"},"content":{"rendered":"<div data-colibri-id=\"49-c1\" class=\"style-423 style-local-49-c1 position-relative\">\n  <!---->\n  <div data-colibri-component=\"section\" data-colibri-id=\"49-c2\" id=\"initial-content\" class=\"h-section h-section-global-spacing d-flex align-items-lg-center align-items-md-center align-items-center style-424 style-local-49-c2 position-relative\">\n    <!---->\n    <!---->\n    <div class=\"h-section-grid-container h-section-boxed-container\">\n      <!---->\n      <div data-colibri-id=\"49-c3\" class=\"h-row-container gutters-row-lg-2 gutters-row-md-2 gutters-row-0 gutters-row-v-lg-2 gutters-row-v-md-2 gutters-row-v-2 style-425 style-local-49-c3 position-relative\">\n        <!---->\n        <div class=\"h-row justify-content-lg-center justify-content-md-center justify-content-center align-items-lg-stretch align-items-md-stretch align-items-stretch gutters-col-lg-2 gutters-col-md-2 gutters-col-0 gutters-col-v-lg-2 gutters-col-v-md-2 gutters-col-v-2\">\n          <!---->\n          <div class=\"h-column h-column-container d-flex h-col-lg-auto h-col-md-auto h-col-auto style-426-outer style-local-49-c4-outer\">\n            <div data-colibri-id=\"49-c4\" class=\"d-flex h-flex-basis h-column__inner h-px-lg-2 h-px-md-2 h-px-2 v-inner-lg-2 v-inner-md-2 v-inner-2 style-426 style-local-49-c4 position-relative\">\n              <!---->\n              <!---->\n              <div class=\"w-100 h-y-container h-column__content h-column__v-align flex-basis-100 align-self-lg-start align-self-md-start align-self-start\">\n                <!---->\n                <div data-colibri-id=\"49-c5\" class=\"style-427 style-local-49-c5 position-relative h-element\">\n                  <!---->\n                  <div>\n                    \n                    <p><span style=\"font-family: arial, helvetica, sans-serif;\"><\/span><\/p>\n                    \n\n                    <p style=\"text-align: left;\"><strong><span style=\"font-family: arial, helvetica, sans-serif;\">Ingenieurb\u00fcro Safety Car<br><\/span><\/strong><strong><span style=\"font-family: arial, helvetica, sans-serif;\">Germaniastr. 3<br>51103 K\u00f6ln<br><\/span><\/strong><span style=\"font-family: arial, helvetica, sans-serif;\">Gesch\u00e4ftsf\u00fchrer: <br>Dipl. Ing. Arash Rahmani<\/span><\/p>\n                    <p style=\"text-align: left;\"><span style=\"font-family: arial, helvetica, sans-serif;\">Telefon: 0221 \/ 880 59 880<\/span>\n                      <br data-rich-text-line-break=\"true\"><span style=\"font-family: arial, helvetica, sans-serif;\">E-Mail: info(@) safetycar.nrw<\/span>\n                      <br data-rich-text-line-break=\"true\"><span style=\"font-family: arial, helvetica, sans-serif;\">Internet: www.safetycar.nrw<\/span><\/p>\n                    <p style=\"text-align: left;\"><span style=\"font-size: 10pt;\"><span style=\"font-family: Arial, sans-serif;\"><strong>Aufsichtsbeh\u00f6rde:<\/strong><br>Das Ingenieurb\u00fcro Safetycar arbeitet im Bereich der amtlichen Fahrzeuguntersuchung im Namen und auf Rechnung der GT\u00dc Gesellschaft f\u00fcr Technische \u00dcberwachung mbH, Vor dem Lauch 25, 70567 Stuttgart, <\/span>\n                      <span\n                        style=\"color: #a0030a;\">\n                        <a style=\"color: #a0030a;\" href=\"http:\/\/www.gtue.de\/\" target=\"_blank\" rel=\"noopener noreferrer\"><span style=\"font-family: Arial, sans-serif;\">www.gtue.de<\/span><\/a>\n                        <\/span><span style=\"font-family: Arial, sans-serif;\"><span style=\"color: #a0030a;\">.<\/span> Die GT\u00dc wurde von allen Bundesl\u00e4ndern der Bundesrepublik Deutschland als \u00dcberwachungsorganisation im Sinne der Anlage VIII b zur StVZO amtlich\n                        anerkannt.<\/span>\n                        <\/span>\n                    <\/p>\n                    <p style=\"text-align: left;\"><span style=\"font-family: arial, helvetica, sans-serif; font-size: 10pt;\"><strong>1. Verantwortlicher:<br><\/strong><\/span><span style=\"font-family: arial, helvetica, sans-serif; font-size: 10pt;\">Inhaltlich Verantwortlicher gem\u00e4\u00df \u00a76 MDStV: Arash Rahmani<\/span><\/p>\n                    <p style=\"text-align: left;\"><span style=\"font-family: arial, helvetica, sans-serif; font-size: 10pt;\"><strong>2. Erhebung und Speicherung personenbezogener Daten beim Besuch der Website sowie Art und Zweck von deren Verwendung<br><\/strong>Beim Aufrufen unserer Website (www.safetycar.nrw) werden durch den auf Ihrem Endger\u00e4t zum Einsatz kommenden Browser automatisch Informationen an den Server unserer Website gesendet.<\/span>\n                      <br><span style=\"font-family: arial, helvetica, sans-serif; font-size: 10pt;\">Diese Informationen werden tempor\u00e4r in einem sog. Logfile gespeichert. <\/span>\n                      <br><span style=\"font-family: arial, helvetica, sans-serif; font-size: 10pt;\">Folgende Informationen werden dabei ohne Ihr Zutun erfasst und bis zur automatisierten L\u00f6schung gespeichert:<\/span>\n                      <br><span style=\"font-family: arial, helvetica, sans-serif; font-size: 10pt;\">\u2022 IP-Adresse des anfragenden Rechners,<\/span>\n                      <br><span style=\"font-family: arial, helvetica, sans-serif; font-size: 10pt;\">\u2022 Datum und Uhrzeit des Zugriffs,<\/span>\n                      <br><span style=\"font-family: arial, helvetica, sans-serif; font-size: 10pt;\">\u2022 Name und URL der abgerufenen Datei,<\/span>\n                      <br><span style=\"font-family: arial, helvetica, sans-serif; font-size: 10pt;\">\u2022 Website, von der aus der Zugriff erfolgt (Referrer-URL),<\/span>\n                      <br><span style=\"font-family: arial, helvetica, sans-serif; font-size: 10pt;\">\u2022 verwendeter Browser und ggf. das Betriebssystem Ihres Rechners sowie der Name Ihres Access-Providers.<\/span>\n                      <br><span style=\"font-family: arial, helvetica, sans-serif; font-size: 10pt;\">Die genannten Daten werden durch uns zu folgenden Zwecken verarbeitet:<\/span>\n                      <br><span style=\"font-family: arial, helvetica, sans-serif; font-size: 10pt;\">\u2022 Gew\u00e4hrleistung eines reibungslosen Verbindungsaufbaus der Website,<\/span>\n                      <br><span style=\"font-family: arial, helvetica, sans-serif; font-size: 10pt;\">\u2022 Gew\u00e4hrleistung einer komfortablen Nutzung unserer Website,<\/span>\n                      <br><span style=\"font-family: arial, helvetica, sans-serif; font-size: 10pt;\">\u2022 Auswertung der Systemsicherheit und -stabilit\u00e4t sowie<\/span>\n                      <br><span style=\"font-family: arial, helvetica, sans-serif; font-size: 10pt;\">\u2022 zu weiteren administrativen Zwecken.<\/span>\n                      <br><span style=\"font-family: arial, helvetica, sans-serif; font-size: 10pt;\">Die Rechtsgrundlage f\u00fcr die Datenverarbeitung ist Art. 6 Abs. 1 S. 1 lit. f DSGVO. <\/span>\n                      <br><span style=\"font-family: arial, helvetica, sans-serif; font-size: 10pt;\">Unser berechtigtes Interesse folgt aus oben aufgelisteten Zwecken zur Datenerhebung.<\/span>\n                      <br><span style=\"font-family: arial, helvetica, sans-serif; font-size: 10pt;\">In keinem Fall verwenden wir die erhobenen Daten zu dem Zweck, R\u00fcckschl\u00fcsse auf Ihre Person zu ziehen.<\/span><\/p>\n                    <p style=\"text-align: left;\"><span style=\"font-family: arial, helvetica, sans-serif; font-size: 10pt;\"><strong>3. Weitergabe von Daten<\/strong><\/span>\n                      <br><span style=\"font-family: arial, helvetica, sans-serif; font-size: 10pt;\">Eine \u00dcbermittlung Ihrer pers\u00f6nlichen Daten an Dritte zu anderen als den im Folgenden aufgef\u00fchrten Zwecken findet nicht statt.<\/span>\n                      <br><span style=\"font-family: arial, helvetica, sans-serif; font-size: 10pt;\">Wir geben Ihre pers\u00f6nlichen Daten nur an Dritte weiter, wenn:<\/span>\n                      <br><span style=\"font-family: arial, helvetica, sans-serif; font-size: 10pt;\">\u2022 Sie Ihre nach Art. 6 Abs. 1 S. 1 lit. a DSGVO ausdr\u00fcckliche Einwilligung dazu erteilt haben,<\/span>\n                      <br><span style=\"font-family: arial, helvetica, sans-serif; font-size: 10pt;\">\u2022 die Weitergabe nach Art. 6 Abs. 1 S. 1 lit. f DSGVO zur Geltendmachung, Aus\u00fcbung oder Verteidigung von Rechtsanspr\u00fcchen erforderlich ist und kein Grund zur Annahme besteht, dass Sie ein \u00fcberwiegendes schutzw\u00fcrdiges Interesse an der Nichtweitergabe Ihrer Daten haben,<\/span>\n                      <br><span style=\"font-family: arial, helvetica, sans-serif; font-size: 10pt;\">\u2022 f\u00fcr den Fall, dass f\u00fcr die Weitergabe nach Art. 6 Abs. 1 S. 1 lit. c DSGVO eine gesetzliche Verpflichtung besteht, sowie<\/span>\n                      <br><span style=\"font-family: arial, helvetica, sans-serif; font-size: 10pt;\">\u2022 dies gesetzlich zul\u00e4ssig und nach Art. 6 Abs. 1 S. 1 lit. b DSGVO f\u00fcr die Abwicklung von Vertragsverh\u00e4ltnissen mit Ihnen erforderlich ist.<\/span><\/p>\n                    <p style=\"text-align: left;\"><span style=\"font-family: arial, helvetica, sans-serif; font-size: 10pt;\"><strong>4. Betroffenenrechte<\/strong><\/span>\n                      <br><span style=\"font-family: arial, helvetica, sans-serif; font-size: 10pt;\">Sie haben das Recht:<\/span>\n                      <br><span style=\"font-family: arial, helvetica, sans-serif; font-size: 10pt;\">\u2022 gem\u00e4\u00df Art. 15 DSGVO Auskunft \u00fcber Ihre von uns verarbeiteten personenbezogenen Daten zu verlangen.<\/span>\n                      <br><span style=\"font-family: arial, helvetica, sans-serif; font-size: 10pt;\">Insbesondere k\u00f6nnen Sie Auskunft \u00fcber die Verarbeitungszwecke, die Kategorie der personenbezogenen Daten, die Kategorien von Empf\u00e4ngern, <\/span>\n                      <br><span style=\"font-family: arial, helvetica, sans-serif; font-size: 10pt;\">gegen\u00fcber denen Ihre Daten offengelegt wurden oder werden, die geplante Speicherdauer, das Bestehen eines Rechts auf Berichtigung, <\/span>\n                      <br><span style=\"font-family: arial, helvetica, sans-serif; font-size: 10pt;\">L\u00f6schung, Einschr\u00e4nkung der Verarbeitung oder Widerspruch, das Bestehen eines Beschwerderechts, die Herkunft ihrer Daten, <\/span>\n                      <br><span style=\"font-family: arial, helvetica, sans-serif; font-size: 10pt;\">sofern diese nicht bei uns erhoben wurden, sowie \u00fcber das Bestehen einer automatisierten Entscheidungsfindung einschlie\u00dflich Profiling <\/span>\n                      <br><span style=\"font-family: arial, helvetica, sans-serif; font-size: 10pt;\">und ggf. aussagekr\u00e4ftigen Informationen zu deren Einzelheiten verlangen;<\/span>\n                      <br><span style=\"font-family: arial, helvetica, sans-serif; font-size: 10pt;\">\u2022 gem\u00e4\u00df Art. 16 DSGVO unverz\u00fcglich die Berichtigung unrichtiger oder Vervollst\u00e4ndigung Ihrer bei uns gespeicherten personenbezogenen Daten zu verlangen;<\/span>\n                      <br><span style=\"font-family: arial, helvetica, sans-serif; font-size: 10pt;\">\u2022 gem\u00e4\u00df Art. 17 DSGVO die L\u00f6schung Ihrer bei uns gespeicherten personenbezogenen Daten zu verlangen, <\/span>\n                      <br><span style=\"font-family: arial, helvetica, sans-serif; font-size: 10pt;\">soweit nicht die Verarbeitung zur Aus\u00fcbung des Rechts auf freie Meinungs\u00e4u\u00dferung und Information,<\/span>\n                      <br><span style=\"font-family: arial, helvetica, sans-serif; font-size: 10pt;\">zur Erf\u00fcllung einer rechtlichen Verpflichtung, aus Gr\u00fcnden des \u00f6ffentlichen Interesses oder zur Geltendmachung, Aus\u00fcbung oder Verteidigung von Rechtsanspr\u00fcchen erforderlich ist;<\/span>\n                      <br><span style=\"font-family: arial, helvetica, sans-serif; font-size: 10pt;\">\u2022 gem\u00e4\u00df Art. 18 DSGVO die Einschr\u00e4nkung der Verarbeitung Ihrer personenbezogenen Daten zu verlangen, <\/span>\n                      <br><span style=\"font-family: arial, helvetica, sans-serif; font-size: 10pt;\">soweit die Richtigkeit der Daten von Ihnen bestritten wird, die Verarbeitung unrechtm\u00e4\u00dfig ist, <\/span>\n                      <br><span style=\"font-family: arial, helvetica, sans-serif; font-size: 10pt;\">Sie aber deren L\u00f6schung ablehnen und wir die Daten nicht mehr ben\u00f6tigen, Sie jedoch diese zur Geltendmachung, Aus\u00fcbung oder Verteidigung von Rechtsanspr\u00fcchen ben\u00f6tigen oder Sie gem\u00e4\u00df Art. 21 DSGVO Widerspruch gegen die Verarbeitung eingelegt haben;<\/span>\n                      <br><span style=\"font-family: arial, helvetica, sans-serif; font-size: 10pt;\">\u2022 gem\u00e4\u00df Art. 20 DSGVO Ihre personenbezogenen Daten, die Sie uns bereitgestellt haben, in einem strukturierten, g\u00e4ngigen und maschinenlesebaren Format zu erhalten oder die \u00dcbermittlung an einen anderen Verantwortlichen zu verlangen;<\/span>\n                      <br><span style=\"font-family: arial, helvetica, sans-serif; font-size: 10pt;\">\u2022 gem\u00e4\u00df Art. 7 Abs. 3 DSGVO Ihre einmal erteilte Einwilligung jederzeit gegen\u00fcber uns zu widerrufen. Dies hat zur Folge, dass wir die Datenverarbeitung, die auf dieser Einwilligung beruhte, f\u00fcr die Zukunft nicht mehr fortf\u00fchren d\u00fcrfen und<\/span>\n                      <br><span style=\"font-family: arial, helvetica, sans-serif; font-size: 10pt;\">\u2022 gem\u00e4\u00df Art. 77 DSGVO sich bei einer Aufsichtsbeh\u00f6rde zu beschweren. In der Regel k\u00f6nnen Sie sich hierf\u00fcr an die Aufsichtsbeh\u00f6rde Ihres \u00fcblichen Aufenthaltsortes oder Arbeitsplatzes oder unseres Kanzleisitzes wenden.<\/span><\/p>\n                    <p style=\"text-align: left;\"><span style=\"font-family: arial, helvetica, sans-serif; font-size: 10pt;\"><strong>5. Widerspruchsrecht<\/strong><\/span>\n                      <br><span style=\"font-family: arial, helvetica, sans-serif; font-size: 10pt;\">Sofern Ihre personenbezogenen Daten auf Grundlage von berechtigten Interessen gem\u00e4\u00df Art. 6 Abs. 1 S. 1 lit. f DSGVO verarbeitet werden, haben Sie das Recht, gem\u00e4\u00df Art. 21 DSGVO Widerspruch gegen die Verarbeitung Ihrer personenbezogenen Daten einzulegen, <\/span>\n                      <br><span style=\"font-family: arial, helvetica, sans-serif; font-size: 10pt;\">soweit daf\u00fcr Gr\u00fcnde vorliegen, die sich aus Ihrer besonderen Situation ergeben oder sich der Widerspruch gegen Direktwerbung richtet. Im letzteren Fall haben Sie ein generelles Widerspruchsrecht, das ohne Angabe einer besonderen Situation von uns umgesetzt wird.<\/span>\n                      <br><span style=\"font-family: arial, helvetica, sans-serif; font-size: 10pt;\">M\u00f6chten Sie von Ihrem Widerrufs- oder Widerspruchsrecht Gebrauch machen, gen\u00fcgt eine E-Mail an: info(at)safetycar.nrw<\/span><\/p>\n                    <p style=\"text-align: left;\"><span style=\"font-family: arial, helvetica, sans-serif; font-size: 10pt;\"><strong>6. Datensicherheit<\/strong><\/span>\n                      <br><span style=\"font-family: arial, helvetica, sans-serif; font-size: 10pt;\">Wir verwenden innerhalb des Website-Besuchs das verbreitete SSL-Verfahren (Secure Socket Layer) in Verbindung mit der jeweils h\u00f6chsten Verschl\u00fcsselungsstufe, die von Ihrem Browser unterst\u00fctzt wird. In der Regel handelt es sich dabei um eine 256 Bit Verschl\u00fcsselung. <\/span>\n                      <br><span style=\"font-family: arial, helvetica, sans-serif; font-size: 10pt;\">Falls Ihr Browser keine 256-Bit Verschl\u00fcsselung unterst\u00fctzt, greifen wir stattdessen auf 128-Bit v3 Technologie zur\u00fcck. Ob eine einzelne Seite unseres Internetauftrittes verschl\u00fcsselt \u00fcbertragen wird, erkennen Sie an der geschlossenen Darstellung des Sch\u00fcssel- beziehungsweise Schloss-Symbols in der unteren Statusleiste Ihres Browsers.<\/span>\n                      <br><span style=\"font-family: arial, helvetica, sans-serif; font-size: 10pt;\">Wir bedienen uns im \u00dcbrigen geeigneter technischer und organisatorischer Sicherheitsma\u00dfnahmen, um Ihre Daten gegen zuf\u00e4llige oder vors\u00e4tzliche Manipulationen, teilweisen oder vollst\u00e4ndigen Verlust, Zerst\u00f6rung oder gegen den unbefugten Zugriff Dritter zu sch\u00fctzen. <\/span>\n                      <br><span style=\"font-family: arial, helvetica, sans-serif; font-size: 10pt;\">Unsere Sicherheitsma\u00dfnahmen werden entsprechend der technologischen Entwicklung fortlaufend verbessert.<\/span><\/p>\n                    <p style=\"text-align: left;\"><span style=\"font-family: arial, helvetica, sans-serif; font-size: 10pt;\"><strong>7. Aktualit\u00e4t und \u00c4nderung dieser Datenschutzerkl\u00e4rung<\/strong><\/span>\n                      <br><span style=\"font-family: arial, helvetica, sans-serif; font-size: 10pt;\">Diese Datenschutzerkl\u00e4rung ist aktuell g\u00fcltig und hat den Stand August 2020. <\/span>\n                      <br><span style=\"font-family: arial, helvetica, sans-serif; font-size: 10pt;\">Durch die Weiterentwicklung unserer Website und Angebote dar\u00fcber oder aufgrund ge\u00e4nderter gesetzlicher beziehungsweise beh\u00f6rdlicher Vorgaben kann es notwendig werden, diese Datenschutzerkl\u00e4rung zu \u00e4ndern. <\/span><\/p>\n                    <p><span style=\"font-family: arial, helvetica, sans-serif; font-size: 10pt;\">Die jeweils aktuelle Datenschutzerkl\u00e4rung kann jederzeit auf der <\/span>\n                      <br><span style=\"font-family: arial, helvetica, sans-serif; font-size: 10pt;\">Website unter (www.safetycar.nrw) von Ihnen abgerufen und ausgedruckt werden.<\/span><\/p>\n\n                    \n                    <p>&#8212;&#8212;&#8212;&#8212;&#8212;&#8212;&#8212;&#8212;&#8212;&#8212;&#8212;&#8211;<\/p>\n                    \n\n                    <p style=\"text-align: left;\"><span style=\"font-family: arial, helvetica, sans-serif; font-size: 10pt;\">Websitegestaltung und -programmierung<\/span>\n                      <br data-rich-text-line-break=\"true\"><span style=\"font-family: arial, helvetica, sans-serif; font-size: 10pt;\">meier m\u00fcller schulze GbR<\/span>\n                      <br data-rich-text-line-break=\"true\"><span style=\"font-family: arial, helvetica, sans-serif; font-size: 10pt;\">Produktentwicklung &amp; Marketing<\/span>\n                      <br data-rich-text-line-break=\"true\"><span style=\"font-family: arial, helvetica, sans-serif; font-size: 10pt;\">www.meiermuellerschulze.de<\/span><\/p>\n                  <\/div>\n                <\/div>\n              <\/div>\n            <\/div>\n          <\/div>\n        <\/div>\n      <\/div>\n    <\/div>\n  <\/div>\n<\/div>","protected":false},"excerpt":{"rendered":"<p>Ingenieurb\u00fcro Safety CarGermaniastr. 351103 K\u00f6lnGesch\u00e4ftsf\u00fchrer: Dipl. Ing. Arash Rahmani Telefon: 0221 \/ 880 59 880 E-Mail: info(@) safetycar.nrw Internet: www.safetycar.nrw Aufsichtsbeh\u00f6rde:Das Ingenieurb\u00fcro Safetycar arbeitet im Bereich der amtlichen Fahrzeuguntersuchung im Namen und auf Rechnung der GT\u00dc Gesellschaft f\u00fcr Technische \u00dcberwachung mbH, Vor dem Lauch 25, 70567 Stuttgart, www.gtue.de . Die GT\u00dc wurde von allen Bundesl\u00e4ndern [&hellip;]<\/p>\n","protected":false},"author":1,"featured_media":0,"parent":0,"menu_order":0,"comment_status":"closed","ping_status":"closed","template":"page-templates\/full-width-page.php","meta":{"footnotes":""},"class_list":["post-49","page","type-page","status-publish","hentry"],"_links":{"self":[{"href":"https:\/\/safetycar.nrw\/index.php?rest_route=\/wp\/v2\/pages\/49"}],"collection":[{"href":"https:\/\/safetycar.nrw\/index.php?rest_route=\/wp\/v2\/pages"}],"about":[{"href":"https:\/\/safetycar.nrw\/index.php?rest_route=\/wp\/v2\/types\/page"}],"author":[{"embeddable":true,"href":"https:\/\/safetycar.nrw\/index.php?rest_route=\/wp\/v2\/users\/1"}],"replies":[{"embeddable":true,"href":"https:\/\/safetycar.nrw\/index.php?rest_route=%2Fwp%2Fv2%2Fcomments&post=49"}],"version-history":[{"count":20,"href":"https:\/\/safetycar.nrw\/index.php?rest_route=\/wp\/v2\/pages\/49\/revisions"}],"predecessor-version":[{"id":1805,"href":"https:\/\/safetycar.nrw\/index.php?rest_route=\/wp\/v2\/pages\/49\/revisions\/1805"}],"wp:attachment":[{"href":"https:\/\/safetycar.nrw\/index.php?rest_route=%2Fwp%2Fv2%2Fmedia&parent=49"}],"curies":[{"name":"wp","href":"https:\/\/api.w.org\/{rel}","templated":true}]}}